{"id":1355,"date":"2021-11-05T10:48:57","date_gmt":"2021-11-05T09:48:57","guid":{"rendered":"https:\/\/nervous-knuth.46-231-200-39.plesk.page\/evenements\/libera-forum\/"},"modified":"2026-01-23T18:18:30","modified_gmt":"2026-01-23T17:18:30","slug":"libera-forum","status":"publish","type":"page","link":"https:\/\/libera.ch\/fr\/evenements\/libera-forum\/","title":{"rendered":"Forum Libera"},"content":{"rendered":"\n<p>Une fois par an, en novembre, nous organisons notre Forum Libera. Avec des conf\u00e9rences passionnantes sur les d\u00e9veloppements actuels de la pr\u00e9voyance professionnelle, suivies d&#8217;un ap\u00e9ritif, nous voulons rencontrer les acteurs de la pr\u00e9voyance professionnelle dans une atmosph\u00e8re d\u00e9contract\u00e9e.<\/p>\n\n\n\n<!--\n<h2 class=\"wp-block-heading\" id=\"nachstes-libera-forum\">Prochain Forum Libera<\/h2>\n-->\n\n\n\n<ul class=\"wp-block-list\">\n<!--\n<li>6.11.2024 \u00e0 B\u00e2le<\/li>\n-->\n\n\n\n<!--\n<li>13.11.2024 \u00e0 Zurich<\/li>\n-->\n<\/ul>\n\n\n\n<p><p><em>Le formulaire d&#8217;inscription sera mis en ligne environ un mois avant l&#8217;\u00e9v\u00e9nement<\/em>.<\/p> <\/p>\n\n\n\n<p><em>Pour plus d&#8217;informations et pour vous inscrire, rendez-vous sur la page allemande s.v.p. (s\u00e9lectionnez &#8220;DE&#8221; en haut \u00e0 droite).<\/em><\/p>\n\n\n\n<h2 class=\"wp-block-heading\" id=\"vergange-libera-foren\">Forums Libera pr\u00e9c\u00e9dents<\/h2>\n\n\n\n<div class=\"wp-block-columns\">\n\n\n<div class=\"wp-block-column is-layout-flow wp-block-column-is-layout-flow\" style=\"flex-basis:33.33%\">\n<p id=\"libera-forum-2022\"><strong>Forum<\/strong> <strong>Libera 2025<\/strong><\/p>\n\n\n\n<p><em>12.11.25, Safran Zunft, B\u00e2le <\/em><br><em>&amp; 19.11.25, Zunfthaus zur Saffran, Zurich<\/em><\/p>\n<\/div>\n\n\n\n<div class=\"wp-block-column is-layout-flow wp-block-column-is-layout-flow\" style=\"flex-basis:66.66%\">\n<p><strong><strong>Augmentation du taux de retrait en capital: options d\u2019action pour les caisses de pensions<\/strong><\/strong><br>Samuel Blum, Expert en caisses de pension Libera SA et\nSimon Tschupp, Expert en caisses de pension Libera SA\n<\/p>\n\n\n\n<p><strong><strong>Responsabilit\u00e9 envers les g\u00e9n\u00e9rations: la BVK en dialogue avec ses assur\u00e9s<\/strong><\/strong><br>Dr. Thomas R. Sch\u00f6nb\u00e4chler, Pr\u00e9sident de la direction de la BVK <\/p>\n\n\n\n<p><strong><strong>Actualit\u00e9s de la pr\u00e9voyance professionnelle<\/strong><\/strong><br>Richard Meuris, Expert en caisses de pension Libera SA et\nLuisa Simion, Conseill\u00e8re en pr\u00e9voyance<\/p>\n<\/div>\n<\/div>\n<!-- \/wp:post-content -->\n\n<!-- wp:spacer {\"height\":\"60px\"} -->\n<div style=\"height:60px\" aria-hidden=\"true\" class=\"wp-block-spacer\"><\/div>\n<!-- \/wp:spacer -->\n\n<div class=\"wp-block-columns\">\u00a0<\/div>\n\n<!-- wp:column {\"width\":\"33.33%\"} -->\n<div class=\"wp-block-column\" style=\"flex-basis:33.33%\"><!-- wp:paragraph -->\n<p id=\"libera-forum-2022\"><strong>Forum<\/strong> <strong>Libera 2024<\/strong><\/p>\n<!-- \/wp:paragraph -->\n\n<!-- wp:paragraph -->\n<p><em>6.11.24, Safran Zunft, B\u00e2le <\/em><br><em>&amp; 13.11.24, Zunfthaus zur Saffran, Zurich<\/em><\/p>\n<!-- \/wp:paragraph --><\/div>\n<!-- \/wp:column -->\n\n<!-- wp:column {\"width\":\"66.66%\"} -->\n<div class=\"wp-block-column\" style=\"flex-basis:66.66%\"><!-- wp:paragraph -->\n<p><strong><strong>R\u00e9partition des fonds dans les institutions de pr\u00e9voyance<\/strong><\/strong><br>Kate Kristovic, Expert en caisses de pension Libera SA<\/p>\n<!-- \/wp:paragraph -->\n\n<!-- wp:paragraph -->\n<p><strong><strong>Perspectives \u00e9conomiques<\/strong><\/strong><br>Dr. Veronica Weisser, \u00c9conomiste et experte en pr\u00e9voyance chez UBS <\/p>\n<!-- \/wp:paragraph -->\n\n<!-- wp:paragraph -->\n<p><strong><strong>Actualit\u00e9s de la pr\u00e9voyance professionnelle<\/strong><\/strong><br>Manuel Moser, Expert en caisses de pension Libera SA &amp; <br>Nicole Zimmermann, Experte en assurances sociales avec dipl\u00f4me f\u00e9d\u00e9ral chez Libera SA<\/p>\n<!-- \/wp:paragraph --><\/div>\n<!-- \/wp:column -->\n\n<p><!-- \/wp:post-content --><\/p>\n<p><!-- wp:spacer {\"height\":\"60px\"} --><\/p>\n<div class=\"wp-block-spacer\" style=\"height: 60px;\" aria-hidden=\"true\">\u00a0<\/div>\n<p><!-- \/wp:spacer --><\/p>\n<p><!-- wp:columns --><\/p>\n<div class=\"wp-block-columns\"><!-- wp:column {\"width\":\"33.33%\"} -->\n<div class=\"wp-block-column\" style=\"flex-basis: 33.33%;\"><!-- wp:paragraph -->\n<p id=\"libera-forum-2022\"><strong>Forum<\/strong> <strong>Libera 2023<\/strong><\/p>\n<p><!-- \/wp:paragraph --><\/p>\n<p><!-- wp:paragraph --><\/p>\n<p><em>8.11.23, Hotel Les Trois Rois, B\u00e2le <\/em><br \/><em>&amp; 15.11.23, Hotel Park Hyatt, Zurich<\/em><\/p>\n<p><!-- \/wp:paragraph --><\/p>\n<\/div>\n<p><!-- \/wp:column --><\/p>\n<p><!-- wp:column {\"width\":\"66.66%\"} --><\/p>\n<div class=\"wp-block-column\" style=\"flex-basis: 66.66%;\"><!-- wp:paragraph -->\n<p><strong><strong>D\u00e9mographie et mortalit\u00e9<\/strong><\/strong><br \/>Dr. Gerold Betschart, Expert en caisses de pension Libera SA<\/p>\n<p><!-- \/wp:paragraph --><\/p>\n<p><!-- wp:paragraph --><\/p>\n<p><strong><strong>\u00c9volution des taux d&#8217;int\u00e9r\u00eat et inflation<\/strong><\/strong><br \/>Dr. Jonas Stulz (B\u00e2le), Chef de la gestion de portefeuille SNB et<br \/>Roman Baumann (Zurich), Chef de la gestion d&#8217;actifs SNB<\/p>\n<p><!-- \/wp:paragraph --><\/p>\n<p><!-- wp:paragraph --><\/p>\n<p><strong><strong>Actualit\u00e9s de la pr\u00e9voyance professionnelle<\/strong><\/strong><br \/>Dr. Silvia Bahmann, Expert en caisses de pension Libera SA &amp; <br \/>Dr. Ruben Lombardi, Expert en caisses de pension Libera SA<\/p>\n<p><!-- \/wp:paragraph --><\/p>\n<\/div>\n<p><!-- \/wp:column --><\/p>\n<\/div>\n<p><!-- \/wp:columns --><\/p>\n<p><!-- wp:spacer {\"height\":\"60px\"} --><\/p>\n<div class=\"wp-block-spacer\" style=\"height: 60px;\" aria-hidden=\"true\">\u00a0<\/div>\n<p><!-- \/wp:spacer --><\/p>\n<p><!-- wp:columns --><\/p>\n<div class=\"wp-block-columns\"><!-- wp:column {\"width\":\"33.33%\"} -->\n<div class=\"wp-block-column\" style=\"flex-basis: 33.33%;\"><!-- wp:paragraph -->\n<p id=\"libera-forum-2022\"><strong>Forum<\/strong> <strong>Libera 2022<\/strong><\/p>\n<p><!-- \/wp:paragraph --><\/p>\n<p><!-- wp:paragraph --><\/p>\n<p><em>9.11.22, Hotel Les Trois Rois, B\u00e2le <\/em><br \/><em>&amp; 16.11.22, Hotel Park Hyatt, Zurich<\/em><\/p>\n<p><!-- \/wp:paragraph --><\/p>\n<\/div>\n<p><!-- \/wp:column --><\/p>\n<p><!-- wp:column {\"width\":\"66.66%\"} --><\/p>\n<div class=\"wp-block-column\" style=\"flex-basis: 66.66%;\"><!-- wp:paragraph -->\n<p><strong><strong>Mod\u00e8les de contribution<\/strong><\/strong><br \/>Samuel Blum, Expert en caisses de pension Libera SA<\/p>\n<p><!-- \/wp:paragraph --><\/p>\n<p><!-- wp:paragraph --><\/p>\n<p><strong><strong>Inflation et int\u00e9r\u00eat dans l&#8217;environnement macro\u00e9conomique actuel<\/strong><\/strong><br \/>Prof. Dr. Jan Egbert-Sturm, ETH Zurich<\/p>\n<p><!-- \/wp:paragraph --><\/p>\n<p><!-- wp:paragraph --><\/p>\n<p><strong><strong>Actualit\u00e9s de la pr\u00e9voyance professionnelle<\/strong><\/strong><br \/>Manfred Thalmann, Expert en caisses de pension Libera SA &amp; Nicole Gisler, Responsable du conseil juridique Libera SA<\/p>\n<p><!-- \/wp:paragraph --><\/p>\n<\/div>\n<p><!-- \/wp:column --><\/p>\n<\/div>\n<p><!-- \/wp:columns --><\/p>\n<p><!-- wp:spacer {\"height\":\"60px\"} --><\/p>\n<div class=\"wp-block-spacer\" style=\"height: 60px;\" aria-hidden=\"true\">\u00a0<\/div>\n<p><!-- \/wp:spacer --><\/p>\n<p><!-- wp:columns --><\/p>\n<div class=\"wp-block-columns\"><!-- wp:column {\"width\":\"33.33%\"} -->\n<div class=\"wp-block-column\" style=\"flex-basis: 33.33%;\"><!-- wp:paragraph -->\n<p id=\"libera-forum-2021\"><strong>Forum<\/strong> <strong>Libera 2021<\/strong><\/p>\n<p><!-- \/wp:paragraph --><\/p>\n<p><!-- wp:paragraph --><\/p>\n<p><em>10.11.21, Hotel Les Trois Rois, B\u00e2le &amp; 17.11.21, Hotel Savoy, Zurich <\/em><\/p>\n<p><!-- \/wp:paragraph --><\/p>\n<\/div>\n<p><!-- \/wp:column --><\/p>\n<p><!-- wp:column {\"width\":\"66.66%\"} --><\/p>\n<div class=\"wp-block-column\" style=\"flex-basis: 66.66%;\"><!-- wp:paragraph -->\n<p><strong><strong>Le d\u00e9fi de l&#8217;esp\u00e9rance de vie<\/strong><\/strong><br \/>Dr. Gerold Betschart, Expert en caisses de pension Libera SA<\/p>\n<p><!-- \/wp:paragraph --><\/p>\n<p><!-- wp:paragraph --><\/p>\n<p><strong><strong>March\u00e9 immobilier suisse et Corona : effets de la pand\u00e9mie<\/strong><\/strong><br \/>Prof. Dr. Donato Scognamiglio Chief Executive Officer &amp; copropri\u00e9taire IAZI AG<\/p>\n<p><!-- \/wp:paragraph --><\/p>\n<p><!-- wp:paragraph --><\/p>\n<p><strong><strong>Actualit\u00e9s de la pr\u00e9voyance professionnelle<\/strong><\/strong><br \/>Dr. Matthias Wiedmer, Membre de la direction et Kate Kristovic, Experte en caisses de pension Libera SA<\/p>\n<p><!-- \/wp:paragraph --><\/p>\n<\/div>\n<p><!-- \/wp:column --><\/p>\n<\/div>\n<p><!-- \/wp:columns --><\/p>\n<p><!-- wp:spacer {\"height\":\"60px\"} --><\/p>\n<div class=\"wp-block-spacer\" style=\"height: 60px;\" aria-hidden=\"true\">\u00a0<\/div>\n<p><!-- \/wp:spacer --><\/p>\n<p><!-- wp:columns --><\/p>\n<div class=\"wp-block-columns\"><!-- wp:column {\"width\":\"33.33%\"} -->\n<div class=\"wp-block-column\" style=\"flex-basis: 33.33%;\"><!-- wp:paragraph -->\n<p><strong>Forum<\/strong> <strong>Libera 2020<\/strong><\/p>\n<p><!-- \/wp:paragraph --><\/p>\n<p><!-- wp:paragraph --><\/p>\n<p><em>S\u00e9minaire en ligne<\/em><\/p>\n<p><!-- \/wp:paragraph --><\/p>\n<\/div>\n<p><!-- \/wp:column --><\/p>\n<p><!-- wp:column {\"width\":\"66.66%\"} --><\/p>\n<div class=\"wp-block-column\" style=\"flex-basis: 66.66%;\"><!-- wp:paragraph -->\n<p><strong><strong><strong>Pand\u00e9mie COVID-19 : comment la mortalit\u00e9 \u00e9volue-t-elle ?<\/strong><\/strong><\/strong><br \/>Samuel Blum, Expert en caisses de pension Libera SA<\/p>\n<p><!-- \/wp:paragraph --><\/p>\n<p><!-- wp:paragraph --><\/p>\n<p><strong><strong><strong>Pand\u00e9mie COVID-19 : comment les caisses de pension doivent-elles \u00e9voluer dans le contexte d&#8217;investissement actuel ?<\/strong><\/strong><\/strong><br \/>Philippe Schlumpf, Senior Investment Consultant Libera SA<\/p>\n<p><!-- \/wp:paragraph --><\/p>\n<p><!-- wp:paragraph --><\/p>\n<p><strong><strong><strong>Actualit\u00e9s de la pr\u00e9voyance professionnelle et ce qu&#8217;il faut savoir de la jurisprudence actuelle<\/strong><\/strong><\/strong><br \/>Nicole Gisler, Responsable du conseil juridique Libera SA<\/p>\n<p><!-- \/wp:paragraph --><\/p>\n<\/div>\n<p><!-- \/wp:column --><\/p>\n<\/div>\n<p><!-- \/wp:columns --><\/p>\n<p><!-- wp:spacer {\"height\":\"60px\"} --><\/p>\n<div class=\"wp-block-spacer\" style=\"height: 60px;\" aria-hidden=\"true\">\u00a0<\/div>\n<p><!-- \/wp:spacer --><\/p>\n<p><!-- wp:columns --><\/p>\n<div class=\"wp-block-columns\"><!-- wp:column {\"width\":\"33.33%\"} -->\n<div class=\"wp-block-column\" style=\"flex-basis: 33.33%;\"><!-- wp:paragraph -->\n<p><strong>Forum Libera 2019<\/strong><\/p>\n<p><!-- \/wp:paragraph --><\/p>\n<p><!-- wp:paragraph --><\/p>\n<p><em>13.11.19 Hotel Les Trois Rois, B\u00e2le<\/em> &amp; <em>20.11.19 Hotel Savoy, Zurich <\/em><\/p>\n<p><!-- \/wp:paragraph --><\/p>\n<\/div>\n<p><!-- \/wp:column --><\/p>\n<p><!-- wp:column {\"width\":\"66.66%\"} --><\/p>\n<div class=\"wp-block-column\" style=\"flex-basis: 66.66%;\"><!-- wp:paragraph -->\n<p><strong><strong><strong><strong>Vivre 150 ans ? Comment la Silicon Valley veut vaincre le cancer et prolonger notre vie<\/strong><\/strong><\/strong><\/strong><br \/>Thomas Schulz, Correspondant \u00e9conomique DER SPIEGEL<\/p>\n<p><!-- \/wp:paragraph --><\/p>\n<p><!-- wp:paragraph --><\/p>\n<p><strong><strong><strong><strong>Vivre 150 ans ? Cons\u00e9quences pour les caisses de pension suisses<\/strong><\/strong><\/strong><\/strong><br \/>Dr. Gerold Betschart, Expert en caisses de pension Libera SA<\/p>\n<p><!-- \/wp:paragraph --><\/p>\n<p><!-- wp:paragraph --><\/p>\n<p><strong><strong><strong><strong>La pr\u00e9voyance professionnelle en p\u00e9riode de taux d&#8217;int\u00e9r\u00eat n\u00e9gatifs<\/strong><\/strong><\/strong><\/strong><br \/>Samuel Blum, Expert en caisses de pension Libera SA<\/p>\n<p><!-- \/wp:paragraph --><\/p>\n<p><!-- wp:paragraph --><\/p>\n<p><strong><strong>Actualit\u00e9s des assurances sociales, avec un accent sur les \u00e9volutions l\u00e9gislatives<\/strong><\/strong><br \/>Dr. Matthias Wiedmer, Membre de la direction Libera SA<\/p>\n<p><!-- \/wp:paragraph --><\/p>\n<\/div>\n<p><!-- \/wp:column --><\/p>\n<\/div>\n<p><!-- \/wp:columns --><\/p>\n<p><!-- wp:spacer {\"height\":\"60px\"} --><\/p>\n<div class=\"wp-block-spacer\" style=\"height: 60px;\" aria-hidden=\"true\">\u00a0<\/div>\n<p><!-- \/wp:spacer --><\/p>\n<p><!-- wp:acf\/contactinfo {\"name\":\"acf\/contactinfo\",\"data\":{\"grp_contact_box_yes_no_padding_top\":\"0\",\"_grp_contact_box_yes_no_padding_top\":\"field_62b04d3550c58\",\"grp_contact_box_color\":\"#28386a\",\"_grp_contact_box_color\":\"field_62b04d3550c9f\",\"grp_contact_box_yes_no_show_backgroundcolor\":\"1\",\"_grp_contact_box_yes_no_show_backgroundcolor\":\"field_62b04d3550ce4\",\"grp_contact_box_yes_no_shadow\":\"1\",\"_grp_contact_box_yes_no_shadow\":\"field_62b04d3550d23\",\"grp_contact_box_txt_title\":\"Vos personnes de contact\",\"_grp_contact_box_txt_title\":\"field_62b04d3550d67\",\"grp_contact_box_select_design\":\"round\",\"_grp_contact_box_select_design\":\"field_62b04d3550da6\",\"grp_contact_box_rep_info_box_0_img\":1597,\"_grp_contact_box_rep_info_box_0_img\":\"field_62b04d3568fc8\",\"grp_contact_box_rep_info_box_0_grp_contact_info_mail\":\"kate.kristovic@libera.ch\",\"_grp_contact_box_rep_info_box_0_grp_contact_info_mail\":\"field_62b04d356fe8e\",\"grp_contact_box_rep_info_box_0_grp_contact_info_tel\":\"+41 817 73 41\",\"_grp_contact_box_rep_info_box_0_grp_contact_info_tel\":\"field_62b04d356fecf\",\"grp_contact_box_rep_info_box_0_grp_contact_info\":\"\",\"_grp_contact_box_rep_info_box_0_grp_contact_info\":\"field_62b04d3569008\",\"grp_contact_box_rep_info_box_0_txt_title\":\"Kate Kristovic\",\"_grp_contact_box_rep_info_box_0_txt_title\":\"field_62b04d3569047\",\"grp_contact_box_rep_info_box_0_position\":\"Experte en caisses de pension CSEP\",\"_grp_contact_box_rep_info_box_0_position\":\"field_62b04d3569086\",\"grp_contact_box_rep_info_box_0_txt_desc\":\"Ou contactez-nous via le formulaire de contact. Nous nous r\u00e9jouissons de votre demande.\",\"_grp_contact_box_rep_info_box_0_txt_desc\":\"field_62b04d35690c4\",\"grp_contact_box_rep_info_box_0_yes_no_button\":\"1\",\"_grp_contact_box_rep_info_box_0_yes_no_button\":\"field_62b04d3569103\",\"grp_contact_box_rep_info_box_0_txt_button\":\"Contact\",\"_grp_contact_box_rep_info_box_0_txt_button\":\"field_62b04d3569141\",\"grp_contact_box_rep_info_box_0_link_button\":2540,\"_grp_contact_box_rep_info_box_0_link_button\":\"field_62b04d3569181\",\"grp_contact_box_rep_info_box_1_img\":1954,\"_grp_contact_box_rep_info_box_1_img\":\"field_62b04d3568fc8\",\"grp_contact_box_rep_info_box_1_grp_contact_info_mail\":\"catherine.stutz@libera.ch\",\"_grp_contact_box_rep_info_box_1_grp_contact_info_mail\":\"field_62b04d356fe8e\",\"grp_contact_box_rep_info_box_1_grp_contact_info_tel\":\"+41 61 205 74 65\",\"_grp_contact_box_rep_info_box_1_grp_contact_info_tel\":\"field_62b04d356fecf\",\"grp_contact_box_rep_info_box_1_grp_contact_info\":\"\",\"_grp_contact_box_rep_info_box_1_grp_contact_info\":\"field_62b04d3569008\",\"grp_contact_box_rep_info_box_1_txt_title\":\"Cath\u00e9rine Stutz\",\"_grp_contact_box_rep_info_box_1_txt_title\":\"field_62b04d3569047\",\"grp_contact_box_rep_info_box_1_position\":\"Collaboratrice Office-Management\",\"_grp_contact_box_rep_info_box_1_position\":\"field_62b04d3569086\",\"grp_contact_box_rep_info_box_1_txt_desc\":\"Ou contactez-nous via le formulaire de contact. Nous nous r\u00e9jouissons de votre demande.\",\"_grp_contact_box_rep_info_box_1_txt_desc\":\"field_62b04d35690c4\",\"grp_contact_box_rep_info_box_1_yes_no_button\":\"1\",\"_grp_contact_box_rep_info_box_1_yes_no_button\":\"field_62b04d3569103\",\"grp_contact_box_rep_info_box_1_txt_button\":\"Contact\",\"_grp_contact_box_rep_info_box_1_txt_button\":\"field_62b04d3569141\",\"grp_contact_box_rep_info_box_1_link_button\":2540,\"_grp_contact_box_rep_info_box_1_link_button\":\"field_62b04d3569181\",\"grp_contact_box_rep_info_box\":2,\"_grp_contact_box_rep_info_box\":\"field_62b04d3550de8\",\"grp_contact_box\":\"\",\"_grp_contact_box\":\"field_62b04d354d439\"},\"mode\":\"edit\"} \/--><\/p>","protected":false},"excerpt":{"rendered":"<p>Une fois par an, en novembre, nous organisons notre Forum Libera. Avec des conf\u00e9rences passionnantes sur les d\u00e9veloppements actuels de la pr\u00e9voyance professionnelle, suivies d&#8217;un ap\u00e9ritif, nous voulons rencontrer les acteurs de la pr\u00e9voyance professionnelle dans une atmosph\u00e8re d\u00e9contract\u00e9e. Le formulaire d&#8217;inscription sera mis en ligne environ un mois avant l&#8217;\u00e9v\u00e9nement. Pour plus d&#8217;informations et [&hellip;]<\/p>\n","protected":false},"author":1,"featured_media":0,"parent":1350,"menu_order":0,"comment_status":"closed","ping_status":"closed","template":"","meta":{"_acf_changed":false,"inline_featured_image":false,"footnotes":""},"class_list":["post-1355","page","type-page","status-publish","hentry"],"acf":[],"yoast_head":"<!-- This site is optimized with the Yoast SEO plugin v27.3 - https:\/\/yoast.com\/product\/yoast-seo-wordpress\/ -->\n<title>Forum | Libera AG<\/title>\n<meta name=\"description\" content=\"Le Libera Forum a lieu une fois par an. Des conf\u00e9rences sur des th\u00e8mes de la pr\u00e9voyance professionnelle ainsi qu&#039;un ap\u00e9ro vous attendent.\" \/>\n<meta name=\"robots\" content=\"index, follow, max-snippet:-1, max-image-preview:large, max-video-preview:-1\" \/>\n<link rel=\"canonical\" href=\"https:\/\/libera.ch\/fr\/evenements\/libera-forum\/\" \/>\n<meta property=\"og:locale\" content=\"fr_FR\" \/>\n<meta property=\"og:type\" content=\"article\" \/>\n<meta property=\"og:title\" content=\"Forum | Libera AG\" \/>\n<meta property=\"og:description\" content=\"Le Libera Forum a lieu une fois par an. Des conf\u00e9rences sur des th\u00e8mes de la pr\u00e9voyance professionnelle ainsi qu&#039;un ap\u00e9ro vous attendent.\" \/>\n<meta property=\"og:url\" content=\"https:\/\/libera.ch\/fr\/evenements\/libera-forum\/\" \/>\n<meta property=\"og:site_name\" content=\"Libera\" \/>\n<meta property=\"article:modified_time\" content=\"2026-01-23T17:18:30+00:00\" \/>\n<meta name=\"twitter:card\" content=\"summary_large_image\" \/>\n<meta name=\"twitter:label1\" content=\"Est. reading time\" \/>\n\t<meta name=\"twitter:data1\" content=\"4 minutes\" \/>\n<script type=\"application\/ld+json\" class=\"yoast-schema-graph\">{\"@context\":\"https:\\\/\\\/schema.org\",\"@graph\":[{\"@type\":\"WebPage\",\"@id\":\"https:\\\/\\\/libera.ch\\\/fr\\\/evenements\\\/libera-forum\\\/\",\"url\":\"https:\\\/\\\/libera.ch\\\/fr\\\/evenements\\\/libera-forum\\\/\",\"name\":\"Forum | Libera AG\",\"isPartOf\":{\"@id\":\"https:\\\/\\\/libera.ch\\\/fr\\\/#website\"},\"datePublished\":\"2021-11-05T09:48:57+00:00\",\"dateModified\":\"2026-01-23T17:18:30+00:00\",\"description\":\"Le Libera Forum a lieu une fois par an. Des conf\u00e9rences sur des th\u00e8mes de la pr\u00e9voyance professionnelle ainsi qu'un ap\u00e9ro vous attendent.\",\"breadcrumb\":{\"@id\":\"https:\\\/\\\/libera.ch\\\/fr\\\/evenements\\\/libera-forum\\\/#breadcrumb\"},\"inLanguage\":\"fr-FR\",\"potentialAction\":[{\"@type\":\"ReadAction\",\"target\":[\"https:\\\/\\\/libera.ch\\\/fr\\\/evenements\\\/libera-forum\\\/\"]}]},{\"@type\":\"BreadcrumbList\",\"@id\":\"https:\\\/\\\/libera.ch\\\/fr\\\/evenements\\\/libera-forum\\\/#breadcrumb\",\"itemListElement\":[{\"@type\":\"ListItem\",\"position\":1,\"name\":\"Home\",\"item\":\"https:\\\/\\\/libera.ch\\\/fr\\\/\"},{\"@type\":\"ListItem\",\"position\":2,\"name\":\"\u00c9v\u00e9nements\",\"item\":\"https:\\\/\\\/libera.ch\\\/fr\\\/evenements\\\/\"},{\"@type\":\"ListItem\",\"position\":3,\"name\":\"Forum Libera\"}]},{\"@type\":\"WebSite\",\"@id\":\"https:\\\/\\\/libera.ch\\\/fr\\\/#website\",\"url\":\"https:\\\/\\\/libera.ch\\\/fr\\\/\",\"name\":\"Libera\",\"description\":\"\",\"publisher\":{\"@id\":\"https:\\\/\\\/libera.ch\\\/fr\\\/#organization\"},\"potentialAction\":[{\"@type\":\"SearchAction\",\"target\":{\"@type\":\"EntryPoint\",\"urlTemplate\":\"https:\\\/\\\/libera.ch\\\/fr\\\/?s={search_term_string}\"},\"query-input\":{\"@type\":\"PropertyValueSpecification\",\"valueRequired\":true,\"valueName\":\"search_term_string\"}}],\"inLanguage\":\"fr-FR\"},{\"@type\":\"Organization\",\"@id\":\"https:\\\/\\\/libera.ch\\\/fr\\\/#organization\",\"name\":\"Libera AG\",\"url\":\"https:\\\/\\\/libera.ch\\\/fr\\\/\",\"logo\":{\"@type\":\"ImageObject\",\"inLanguage\":\"fr-FR\",\"@id\":\"https:\\\/\\\/libera.ch\\\/fr\\\/#\\\/schema\\\/logo\\\/image\\\/\",\"url\":\"https:\\\/\\\/libera.ch\\\/wp-content\\\/uploads\\\/2022\\\/06\\\/logo_de.svg\",\"contentUrl\":\"https:\\\/\\\/libera.ch\\\/wp-content\\\/uploads\\\/2022\\\/06\\\/logo_de.svg\",\"width\":273,\"height\":79,\"caption\":\"Libera AG\"},\"image\":{\"@id\":\"https:\\\/\\\/libera.ch\\\/fr\\\/#\\\/schema\\\/logo\\\/image\\\/\"},\"sameAs\":[\"https:\\\/\\\/ch.linkedin.com\\\/company\\\/libera-ag\"]}]}<\/script>\n<!-- \/ Yoast SEO plugin. -->","yoast_head_json":{"title":"Forum | Libera AG","description":"Le Libera Forum a lieu une fois par an. Des conf\u00e9rences sur des th\u00e8mes de la pr\u00e9voyance professionnelle ainsi qu'un ap\u00e9ro vous attendent.","robots":{"index":"index","follow":"follow","max-snippet":"max-snippet:-1","max-image-preview":"max-image-preview:large","max-video-preview":"max-video-preview:-1"},"canonical":"https:\/\/libera.ch\/fr\/evenements\/libera-forum\/","og_locale":"fr_FR","og_type":"article","og_title":"Forum | Libera AG","og_description":"Le Libera Forum a lieu une fois par an. Des conf\u00e9rences sur des th\u00e8mes de la pr\u00e9voyance professionnelle ainsi qu'un ap\u00e9ro vous attendent.","og_url":"https:\/\/libera.ch\/fr\/evenements\/libera-forum\/","og_site_name":"Libera","article_modified_time":"2026-01-23T17:18:30+00:00","twitter_card":"summary_large_image","twitter_misc":{"Est. reading time":"4 minutes"},"schema":{"@context":"https:\/\/schema.org","@graph":[{"@type":"WebPage","@id":"https:\/\/libera.ch\/fr\/evenements\/libera-forum\/","url":"https:\/\/libera.ch\/fr\/evenements\/libera-forum\/","name":"Forum | Libera AG","isPartOf":{"@id":"https:\/\/libera.ch\/fr\/#website"},"datePublished":"2021-11-05T09:48:57+00:00","dateModified":"2026-01-23T17:18:30+00:00","description":"Le Libera Forum a lieu une fois par an. Des conf\u00e9rences sur des th\u00e8mes de la pr\u00e9voyance professionnelle ainsi qu'un ap\u00e9ro vous attendent.","breadcrumb":{"@id":"https:\/\/libera.ch\/fr\/evenements\/libera-forum\/#breadcrumb"},"inLanguage":"fr-FR","potentialAction":[{"@type":"ReadAction","target":["https:\/\/libera.ch\/fr\/evenements\/libera-forum\/"]}]},{"@type":"BreadcrumbList","@id":"https:\/\/libera.ch\/fr\/evenements\/libera-forum\/#breadcrumb","itemListElement":[{"@type":"ListItem","position":1,"name":"Home","item":"https:\/\/libera.ch\/fr\/"},{"@type":"ListItem","position":2,"name":"\u00c9v\u00e9nements","item":"https:\/\/libera.ch\/fr\/evenements\/"},{"@type":"ListItem","position":3,"name":"Forum Libera"}]},{"@type":"WebSite","@id":"https:\/\/libera.ch\/fr\/#website","url":"https:\/\/libera.ch\/fr\/","name":"Libera","description":"","publisher":{"@id":"https:\/\/libera.ch\/fr\/#organization"},"potentialAction":[{"@type":"SearchAction","target":{"@type":"EntryPoint","urlTemplate":"https:\/\/libera.ch\/fr\/?s={search_term_string}"},"query-input":{"@type":"PropertyValueSpecification","valueRequired":true,"valueName":"search_term_string"}}],"inLanguage":"fr-FR"},{"@type":"Organization","@id":"https:\/\/libera.ch\/fr\/#organization","name":"Libera AG","url":"https:\/\/libera.ch\/fr\/","logo":{"@type":"ImageObject","inLanguage":"fr-FR","@id":"https:\/\/libera.ch\/fr\/#\/schema\/logo\/image\/","url":"https:\/\/libera.ch\/wp-content\/uploads\/2022\/06\/logo_de.svg","contentUrl":"https:\/\/libera.ch\/wp-content\/uploads\/2022\/06\/logo_de.svg","width":273,"height":79,"caption":"Libera AG"},"image":{"@id":"https:\/\/libera.ch\/fr\/#\/schema\/logo\/image\/"},"sameAs":["https:\/\/ch.linkedin.com\/company\/libera-ag"]}]}},"_links":{"self":[{"href":"https:\/\/libera.ch\/fr\/wp-json\/wp\/v2\/pages\/1355","targetHints":{"allow":["GET"]}}],"collection":[{"href":"https:\/\/libera.ch\/fr\/wp-json\/wp\/v2\/pages"}],"about":[{"href":"https:\/\/libera.ch\/fr\/wp-json\/wp\/v2\/types\/page"}],"author":[{"embeddable":true,"href":"https:\/\/libera.ch\/fr\/wp-json\/wp\/v2\/users\/1"}],"replies":[{"embeddable":true,"href":"https:\/\/libera.ch\/fr\/wp-json\/wp\/v2\/comments?post=1355"}],"version-history":[{"count":64,"href":"https:\/\/libera.ch\/fr\/wp-json\/wp\/v2\/pages\/1355\/revisions"}],"predecessor-version":[{"id":8297,"href":"https:\/\/libera.ch\/fr\/wp-json\/wp\/v2\/pages\/1355\/revisions\/8297"}],"up":[{"embeddable":true,"href":"https:\/\/libera.ch\/fr\/wp-json\/wp\/v2\/pages\/1350"}],"wp:attachment":[{"href":"https:\/\/libera.ch\/fr\/wp-json\/wp\/v2\/media?parent=1355"}],"curies":[{"name":"wp","href":"https:\/\/api.w.org\/{rel}","templated":true}]}}